{"id":560,"date":"2023-06-02T18:03:40","date_gmt":"2023-06-02T21:03:40","guid":{"rendered":"http:\/\/eolsantafe.com.ar\/eol\/?page_id=560"},"modified":"2025-04-08T21:23:53","modified_gmt":"2025-04-09T00:23:53","slug":"reglamento-interno","status":"publish","type":"page","link":"http:\/\/eolsantafe.com.ar\/eol\/reglamento-interno\/","title":{"rendered":"Reglamento Interno"},"content":{"rendered":"\n<p><\/p>\n\n\n\n<p class=\"has-text-color has-link-color wp-elements-9b8b802035fe433940ef6bca29303721\" style=\"color:#000000\"><strong>ESCUELA DE LA ORIENTACI\u00d3N LACANIANA. Secci\u00f3n Santa Fe<\/strong>&nbsp;<\/p>\n\n\n\n<p class=\"has-text-color has-link-color wp-elements-eafbf247606b798af6fab2e7a2f371fa\" style=\"color:#000000\"><strong>REGLAMENTO INTERNO<\/strong><strong> (2019)<\/strong>&nbsp;<\/p>\n\n\n\n<p class=\"has-text-color has-link-color wp-elements-566577eb3e824b00f04c8ad362b43da0\" style=\"color:#000000\"><strong>Pre\u00e1mbulo:<\/strong>&nbsp;<\/p>\n\n\n\n<p class=\"has-text-color has-link-color wp-elements-71506e05741e68ee96bb6d2bf08443d8\" style=\"color:#000000\">El Consejo Estatutario (C.E.) de la Escuela de la Orientaci\u00f3n Lacaniana (EOL), seg\u00fan lo estipulado en el art\u00edculo 3 del reglamento interno de las estatutos de la EOL, crea en la ciudad de Santa Fe una Secci\u00f3n destinada a relanzar en la regi\u00f3n el movimiento de reconquista del Campo Freudiano que Jacques Lacan lanz\u00f3 el 21 de junio de 1964, y a orientar a aquellos que, en el campo abierto por Freud, quieran proseguir con Lacan.&nbsp;<\/p>\n\n\n\n<p class=\"has-text-color has-link-color wp-elements-b68f12f9bf319b9cf3e178c274538ae8\" style=\"color:#000000\"><strong>Art\u00edculo 1<\/strong> \u2013 Denominaci\u00f3n, duraci\u00f3n, sede.&nbsp;<\/p>\n\n\n\n<p class=\"has-text-color has-link-color wp-elements-b6e967a9c2fd0c0f65b7a6249db41e28\" style=\"color:#000000\">Se constituye, dentro de la estructura del departamento de Asociaciones Civiles y Fundaciones de la Provincia de Santa Fe, como Persona Jur\u00eddica, la \u201cEscuela de la Orientaci\u00f3n Lacaniana \u2013 Secci\u00f3n Santa Fe\u201d (en adelante EOL Secci\u00f3n Santa Fe).&nbsp;<\/p>\n\n\n\n<p class=\"has-text-color has-link-color wp-elements-12fffa2dfbb87a66adb1408b58f3a0dc\" style=\"color:#000000\">Su sede es la ciudad de Santa Fe y la duraci\u00f3n es ilimitada.&nbsp;<\/p>\n\n\n\n<p class=\"has-text-color has-link-color wp-elements-e64a69de631fe2a094ca50cd1c565edf\" style=\"color:#000000\"><strong>Art\u00edculo 2<\/strong> \u2013 Objeto&nbsp;<\/p>\n\n\n\n<p class=\"has-text-color has-link-color wp-elements-1db308848e7e0215d07d81c02f07cc17\" style=\"color:#000000\">La EOL Secci\u00f3n Santa Fe tiene por objeto el psicoan\u00e1lisis, y por fin restaurar su verdad, transmitir su saber, ofrecerlo al control y al debate cient\u00edfico trabajando en direcci\u00f3n a fundar en raz\u00f3n la calificaci\u00f3n de analista que la EOL otorga.&nbsp;<\/p>\n\n\n\n<p class=\"has-text-color has-link-color wp-elements-948a5f82a988f5ffca617a84906218f4\" style=\"color:#000000\"><strong>Art\u00edculo 3<\/strong> \u2013 Medios&nbsp;<\/p>\n\n\n\n<p class=\"has-text-color has-link-color wp-elements-00191c0aed512083cc4429a84738367c\" style=\"color:#000000\">La EOL Secci\u00f3n Santa Fe se da todos los medios necesarios para el cumplimiento de su fin: grupos de trabajo (carteles, seminarios de investigaci\u00f3n), reuniones, foros, conferencias, seminarios, biblioteca, publicaciones, etc.&nbsp;<\/p>\n\n\n\n<p class=\"has-text-color has-link-color wp-elements-6b5248c5bd24f03f298d483a7034ed27\" style=\"color:#000000\"><strong>Art\u00edculo 4<\/strong> \u2013 Composici\u00f3n&nbsp;<\/p>\n\n\n\n<p class=\"has-text-color has-link-color wp-elements-5f4262b9bbcaff1a462baa6260cae265\" style=\"color:#000000\">Miembros de la EOL \u2013 Secci\u00f3n Santa Fe&nbsp;<\/p>\n\n\n\n<p class=\"has-text-color has-link-color wp-elements-8cc4fcfc2508bdb2cc344d655082e43f\" style=\"color:#000000\">Participantes de la Asociaci\u00f3n Civil Escuela de la Orientaci\u00f3n Lacaniana (EOL) Secci\u00f3n Santa Fe.&nbsp;<\/p>\n\n\n\n<p class=\"has-text-color has-link-color wp-elements-aa639705bb47ab2bebc8c269c15df901\" style=\"color:#000000\"><strong>Art\u00edculo 5<\/strong> \u2013 Integrantes&nbsp;<\/p>\n\n\n\n<p class=\"has-text-color has-link-color wp-elements-fa7d6da7762499f7f085254129df0a1d\" style=\"color:#000000\">Para ser miembro de la EOL Secci\u00f3n Santa Fe, es preciso ser admitido como miembro de la EOL y la AMP. Para tal efecto se dirige el pedido a la Secretar\u00eda de Admisi\u00f3n del Consejo Estatutario.&nbsp;<\/p>\n\n\n\n<p class=\"has-text-color has-link-color wp-elements-a89cd99f77dcff5c6b09a5b7ce7cb35d\" style=\"color:#000000\">Para formar parte de la Asociaci\u00f3n Civil Escuela de la Orientaci\u00f3n Lacaniana (EOL) Secci\u00f3n Santa Fe, como Participante, se hace la demanda respectiva a la Instancia Diagonal. Luego de las entrevistas necesarias, la Instancia Diagonal se expedir\u00e1 al respecto. Los Participantes lo son de la Asociaci\u00f3n Civil Escuela de la Orientaci\u00f3n Lacaniana (EOL) Secci\u00f3n Santa Fe y no son Miembros de la EOL ni de la AMP.&nbsp;<\/p>\n\n\n\n<p class=\"has-text-color has-link-color wp-elements-13bacae79a9b0faa0d8ecfbc50e24f9c\" style=\"color:#000000\"><strong>Art\u00edculo 6<\/strong> \u2013 P\u00e9rdida de la calidad de Integrante&nbsp;<\/p>\n\n\n\n<p class=\"has-text-color has-link-color wp-elements-30d7d278ccd46ed8769dffa7dba34efd\" style=\"color:#000000\">&nbsp;6.1- La calidad de Miembro se pierde por:&nbsp;<\/p>\n\n\n\n<ul style=\"color:#000000\" class=\"wp-block-list has-text-color has-link-color wp-elements-f5f7766c9521131abcdf39ca39cc8395\">\n<li>Renuncia&nbsp;<\/li>\n\n\n\n<li>Exclusi\u00f3n por motivo grave. Esta exclusi\u00f3n ser\u00e1 elevada al Consejo Estatutario de la EOL para su consideraci\u00f3n.&nbsp;<\/li>\n<\/ul>\n\n\n\n<ul style=\"color:#000000\" class=\"wp-block-list has-text-color has-link-color wp-elements-3dbc149d046e9a57ac04906d8ff9ed19\">\n<li>Exclusi\u00f3n por falta de pago de los aportes estipulados. Dicha falta de pago, despu\u00e9s de las notificaciones usuales y el ex\u00e1men de los casos particulares por parte de la Instancia Diagonal, acarrea autom\u00e1ticamente la suspensi\u00f3n de toda participaci\u00f3n en los \u00f3rganos y asambleas de la EOL Secci\u00f3n Santa Fe y Asambleas de la EOL, hasta el completo pago de los aportes adeudados. La exclusi\u00f3n de la lista de Integrantes se produce autom\u00e1ticamente cuando la falta de pago contin\u00faa m\u00e1s all\u00e1 de seis meses consecutivos. El Director enviar\u00e1 los informes pertinentes para su consideraci\u00f3n al Consejo Estatutario de la EOL.&nbsp;<\/li>\n<\/ul>\n\n\n\n<p class=\"has-text-color has-link-color wp-elements-eebe6936bf9f8db0d6cdd3d06e5b1b6e\" style=\"color:#000000\">6.2- La calidad de Participante se pierde por:&nbsp;<\/p>\n\n\n\n<ul class=\"wp-block-list\">\n<li class=\"has-text-color has-link-color wp-elements-a21c06219ddbc40d556fbf8d0e460ff5\" style=\"color:#000000\">Renuncia&nbsp;<\/li>\n\n\n\n<li class=\"has-text-color has-link-color wp-elements-aafdf759262f24684e4ec8be784b5970\" style=\"color:#000000\">Exclusi\u00f3n por motivo grave. Esta exclusi\u00f3n ser\u00e1 elevada ala Instancia Diagonal para su consideraci\u00f3n.&nbsp;<\/li>\n<\/ul>\n\n\n\n<ul class=\"wp-block-list\">\n<li class=\"has-text-color has-link-color wp-elements-d37dabb949ebab80853d05e91aaf1033\" style=\"color:#000000\">Exclusi\u00f3n por falta de pago de los aportes estipulados. Dicha falta de pago, despu\u00e9s de las notificaciones usuales y el ex\u00e1men de los casos particulares por parte de la Instancia Diagonal, acarrea autom\u00e1ticamente la suspensi\u00f3n de toda participaci\u00f3n en los \u00f3rganos y asambleas de la EOL Secci\u00f3n Santa Fe hasta el completo pago de los aportes adeudados. La exclusi\u00f3n de la lista de Participantes se produce autom\u00e1ticamente cuando la falta de pago contin\u00faa m\u00e1s all\u00e1 de seis meses consecutivos.&nbsp;&nbsp;<\/li>\n<\/ul>\n\n\n\n<p class=\"has-text-color has-link-color wp-elements-baacf0d68136fc28cfadf67beab4f6ae\" style=\"color:#000000\"><strong>Art\u00edculo 7 \u2013 Recursos<\/strong>&nbsp;<\/p>\n\n\n\n<p class=\"has-text-color has-link-color wp-elements-d702c8a48697c9f21c5d2190491ddb02\" style=\"color:#000000\">&nbsp;Los recursos de la EOL Secci\u00f3n Santa Fe proceden de:&nbsp;<\/p>\n\n\n\n<ul class=\"wp-block-list\">\n<li class=\"has-text-color has-link-color wp-elements-ed58bd359a6ea10a880297ac7c741dbd\" style=\"color:#000000\">Los aportes de sus Integrantes fijados por la Instancia Diagonal.&nbsp;&nbsp;&nbsp;<\/li>\n<\/ul>\n\n\n\n<ul class=\"wp-block-list\">\n<li class=\"has-text-color has-link-color wp-elements-fc1b0a4db7567452d60d32c8c7ecbe1e\" style=\"color:#000000\">Sus suscripciones&nbsp;<\/li>\n\n\n\n<li class=\"has-text-color has-link-color wp-elements-4d6c25ef8b91db26760d72c3cf9271e5\" style=\"color:#000000\">Las rentas de sus bienes&nbsp;<\/li>\n\n\n\n<li class=\"has-text-color has-link-color wp-elements-803f9b8da866edcff4e1b0f217c9071a\" style=\"color:#010101\">La venta de material bibliogr\u00e1fico&nbsp;<\/li>\n\n\n\n<li class=\"has-text-color has-link-color wp-elements-1496078cb31926a0e31d0ba5551ef993\" style=\"color:#000000\">Los recursos creados a t\u00edtulo excepcional&nbsp;<\/li>\n\n\n\n<li class=\"has-text-color has-link-color wp-elements-52e32324bb5ea3cce44081e1a135edcf\" style=\"color:#000000\">Todos los recursos autorizados por los textos legislativos y reglamentarios.&nbsp;<\/li>\n<\/ul>\n\n\n\n<p class=\"has-text-color has-link-color wp-elements-479e77c25f410fb05ee48802ba80d4f0\" style=\"color:#000000\"><strong>Art\u00edculo 8 \u2013 Ense\u00f1anzas<\/strong>&nbsp;<\/p>\n\n\n\n<p class=\"has-text-color has-link-color wp-elements-57e8330e68665021c08709f3bbd4f3c5\" style=\"color:#000000\">Aquel que ense\u00f1a lo hace a riesgo propio. La EOL Secci\u00f3n Santa Fe no lo autoriza ni disuade.&nbsp;<\/p>\n\n\n\n<p class=\"has-text-color has-link-color wp-elements-de167d148e589c714da23671d69f2b25\" style=\"color:#000000\">Los Miembros informan a la Instancia Diagonal sobre las ense\u00f1anzas programadas.&nbsp;<\/p>\n\n\n\n<p class=\"has-text-color has-link-color wp-elements-3dee7c35736eed05a6a241863043aea7\" style=\"color:#000000\">Se da cuenta de las ense\u00f1anzas en la Asamblea Anual Ordinaria de la Secci\u00f3n.&nbsp;<\/p>\n\n\n\n<p class=\"has-text-color has-link-color wp-elements-419226dfa1890d72178e2ab85ffeefb8\" style=\"color:#000000\"><strong>Art\u00edculo 9 \u2013<\/strong><strong>Autoridades<\/strong>&nbsp;<\/p>\n\n\n\n<p class=\"has-text-color has-link-color wp-elements-6f2d653e4c83e0dadfb3e5bd13af7978\" style=\"color:#000000\">9.1 \u2013 Instancia Diagonal: es la instancia pol\u00edtica de la Secci\u00f3n; es garante del respeto de los estatutos, vela por el funcionamiento de la Secci\u00f3n y por una pol\u00edtica del psicoan\u00e1lisis orientada por la Proposici\u00f3n de octubre de 1967 \u2013Jacques Lacan-. y puede hacer que los integrantes le rindan cuenta sobre las responsabilidades que aceptaron.&nbsp;&nbsp;&nbsp;<\/p>\n\n\n\n<p class=\"has-text-color has-link-color wp-elements-335280c829a0a0d900f884da8c4c5f2d\" style=\"color:#000000\">&nbsp;Est\u00e1 compuesta por cuatro integrantes de acuerdo con lo siguiente:&nbsp;<\/p>\n\n\n\n<p class=\"has-text-color has-link-color wp-elements-ddd19829a36ab703aa1d0b31a157ca47\" style=\"color:#000000\">El Consejo Estatutario de la E.O.L. designar\u00e1 a un integrante de dicho Consejo como Miembro Enlace entre el Consejo Estatutario y la Secci\u00f3n Santa Fe y este formar\u00e1 parte de la Instancia Diagonal.&nbsp;<\/p>\n\n\n\n<p class=\"has-text-color has-link-color wp-elements-ca22ae03ac4f77a4f6c8336569719747\" style=\"color:#000000\">Tres miembros de la Secci\u00f3n, uno de ellos en funci\u00f3n de Director ad hoc.&nbsp;<\/p>\n\n\n\n<p class=\"has-text-color has-link-color wp-elements-2140d9268b579ccd50a43f9ca72ce9b5\" style=\"color:#000000\">En la primera conformaci\u00f3n de la Instancia Diagonal, cada miembro debe durar 3 a\u00f1os en su cargo y son nombrados por el Consejo Estatutario.&nbsp;<\/p>\n\n\n\n<p class=\"has-text-color has-link-color wp-elements-36e8dc7ea760f42afd7111e4e47e23a7\" style=\"color:#000000\">A partir de all\u00ed la permutaci\u00f3n se realizar\u00e1 de la siguiente manera, cada dos a\u00f1os, y la elecci\u00f3n de estos se realizar\u00e1 del siguiente modo:&nbsp;<\/p>\n\n\n\n<p class=\"has-text-color has-link-color wp-elements-78eb910156d69403dc93d49a9dfeed07\" style=\"color:#000000\">-El miembro enlace y dos de los integrantes de la Instancia Diagonal por la EOL Secci\u00f3n Santa Fe ser\u00e1n designados por el Consejo Estatutario, estos dos \u00faltimos ser\u00e1n propuestos por la Instancia Diagonal saliente, el tercero ser\u00e1 un miembro auto-propuesto con aval del Consejo Estatutario, la Instancia Diagonal y ratificado en la Asamblea por mayor\u00eda simple.&nbsp;<\/p>\n\n\n\n<p class=\"has-text-color has-link-color wp-elements-2b6bf2fb18e5e82c3906898c41ef5fd3\" style=\"color:#000000\">-Uno o m\u00e1s integrantes de la Instancia Diagonal saliente pueden continuar en su funci\u00f3n, avalado por el Consejo Estatutario de la Escuela.&nbsp;<\/p>\n\n\n\n<p class=\"has-text-color has-link-color wp-elements-b5d8ac80dc14f0b5da30b307548159e4\" style=\"color:#000000\">-La Instancia Diagonal elegir\u00e1 cada 2 a\u00f1os -con excepci\u00f3n de lo que dure la primera gesti\u00f3n- un Directorio compuesto por el Director ad hoc -miembro de la Instancia Diagonal- y dos integrantes: en ellos delegar\u00e1 la gesti\u00f3n de Secretar\u00eda, Tesorer\u00eda, Ense\u00f1anzas, Carteles, Biblioteca, etc. En acuerdo con la Instancia Diagonal, este Directorio, podr\u00e1 designar colaboradores. Estos podr\u00e1n ser miembros, participantes o asistentes.&nbsp;<\/p>\n\n\n\n<p class=\"has-text-color has-link-color wp-elements-d5e61ae3a88034db28f0127f02e9968d\" style=\"color:#000000\">9.2- El Directorio es la instancia de gesti\u00f3n de la Secci\u00f3n.&nbsp;<\/p>\n\n\n\n<p class=\"has-text-color has-link-color wp-elements-7fc67a259715f1fc069d444cd7b1c45c\" style=\"color:#000000\">&nbsp;A excepci\u00f3n de la primera conformaci\u00f3n, que durar\u00e1 tres a\u00f1os, su duraci\u00f3n es de dos a\u00f1os. &nbsp;<\/p>\n\n\n\n<p class=\"has-text-color has-link-color wp-elements-1953b0bd880cb08bbbd53a710492afd1\" style=\"color:#000000\">9.3- La composici\u00f3n del Directorio es la siguiente:&nbsp;<\/p>\n\n\n\n<ul class=\"wp-block-list\">\n<li class=\"has-text-color has-link-color wp-elements-3b891e08492c5be9fcd7a26803b3a835\" style=\"color:#000000\">Director ( miembro de la EOL Secci\u00f3n Santa Fe)&nbsp;<\/li>\n\n\n\n<li class=\"has-text-color has-link-color wp-elements-f5f8a3f8b27a9312d21193b35865a1c7\" style=\"color:#000000\">Secretario (miembro o participante de la EOL Secci\u00f3n Santa Fe)&nbsp;<\/li>\n\n\n\n<li class=\"has-text-color has-link-color wp-elements-d539713354129664c6efa366482f97d2\" style=\"color:#000000\">Tesorero ( miembro o participante de la EOL Secci\u00f3n Santa Fe)&nbsp;<\/li>\n<\/ul>\n\n\n\n<p class=\"has-text-color has-link-color wp-elements-e90b4f5b39693286486d1568598e98e7\" style=\"color:#000000\">9.4- El Director, junto con la Instancia Diagonal, tiene la potestad de crear comisiones ad hoc para colaborar con las tareas de Biblioteca, publicaciones, librer\u00eda, Carteles, Jornadas, etc.&nbsp;&nbsp;<\/p>\n\n\n\n<p class=\"has-text-color has-link-color wp-elements-1ef53cc96a333dcff745c724cc10671f\" style=\"color:#000000\">Cada una de estas comisiones tendr\u00e1 un responsable elegido por el Director junto con la Instancia Diagonal.&nbsp;<\/p>\n\n\n\n<p class=\"has-text-color has-link-color wp-elements-05bc19a04021f28b6238f782145741b0\" style=\"color:#000000\">9.5- El responsable de Tesorer\u00eda tendr\u00e1 a su cargo la administraci\u00f3n de los recursos de la Secci\u00f3n, as\u00ed como la confecci\u00f3n del Balance anual requerido.&nbsp;<\/p>\n\n\n\n<p class=\"has-text-color has-link-color wp-elements-b39dccd182d826ff8016519e89cf0553\" style=\"color:#000000\">La librer\u00eda estar\u00e1 a su cargo.&nbsp;<\/p>\n\n\n\n<p class=\"has-text-color has-link-color wp-elements-880af3bb428421b0595651b551ee166e\" style=\"color:#000000\">9.6-El responsable de Secretar\u00eda tendr\u00e1 a su cargo las tareas siguientes: libros de actas, prensa y difusi\u00f3n -a trav\u00e9s de medios orales, escritos, virtuales y electr\u00f3nicos- y la coordinaci\u00f3n y administraci\u00f3n de espacios y horarios para el dictado de cursos y realizaci\u00f3n de actividades. Tambi\u00e9n tendr\u00e1 a su cargo la organizaci\u00f3n y control de las tareas del personal administrativo.&nbsp;<\/p>\n\n\n\n<p class=\"has-text-color has-link-color wp-elements-a89016a9f49de34deab2bee3c17b2521\" style=\"color:#000000\">9.7-Los integrantes del Directorio saliente pueden volver a ser elegidos para la gesti\u00f3n siguiente , en cambio el Director no podr\u00e1 ser reelegido en la gesti\u00f3n inmediatamente posterior a aquella en la que cesa.&nbsp;<\/p>\n\n\n\n<p class=\"has-text-color has-link-color wp-elements-245d59217470e98b644dc1a192ee0bd3\" style=\"color:#000000\"><strong>Art\u00edculo 10<\/strong> \u2013 Composici\u00f3n de la Asamblea General&nbsp;<\/p>\n\n\n\n<p class=\"has-text-color has-link-color wp-elements-d1d746d68ff9f04681dea6419d6d5c18\" style=\"color:#000000\">La Asamblea General de la EOL Secci\u00f3n Santa Fe se re\u00fane en sesi\u00f3n administrativa ordinaria una vez por a\u00f1o, por convocatoria del Directorio que establece el Orden del d\u00eda.&nbsp;<\/p>\n\n\n\n<p class=\"has-text-color has-link-color wp-elements-f5f8e41314d334424779005774146a6d\" style=\"color:#000000\">Esta Asamblea comprende a Miembros y participantes, los miembros tendr\u00e1n voz y voto, los participantes solo voz y reciben los informes de la Asamblea.&nbsp;<\/p>\n\n\n\n<p class=\"has-text-color has-link-color wp-elements-205336439ba61d81854c2dc7fde7bbe2\" style=\"color:#000000\"><strong>Art\u00edculo 11<\/strong> \u2013 Funcionamiento de la Asamblea General&nbsp;<\/p>\n\n\n\n<p class=\"has-text-color has-link-color wp-elements-8552dd1473bb3bcb269f46f8d96a16e2\" style=\"color:#000000\">Los miembros de la Asamblea tienen la posibilidad de hacerse representar por otro miembro de la Asamblea provisto de un poder especial. Cada miembro puede representar a un solo miembro.&nbsp;<\/p>\n\n\n\n<p class=\"has-text-color has-link-color wp-elements-565d5644a7f13dc7446f4d98209ae806\" style=\"color:#000000\">Las convocatorias son enviadas por e-mail u otro medio a los integrantes de la Secci\u00f3n con una anticipaci\u00f3n de al menos un mes, indicando las cuestiones del Orden del D\u00eda.&nbsp;<\/p>\n\n\n\n<p class=\"has-text-color has-link-color wp-elements-4ee4e3f59ddac82d4a7d74d450e04d10\" style=\"color:#000000\">Las decisiones de la Asamblea son tomadas a mano alzada por mayor\u00eda simple de votos.&nbsp;<\/p>\n\n\n\n<p class=\"has-text-color has-link-color wp-elements-9a4ce071e538da55ffd08524e86c8380\" style=\"color:#000000\">La Asamblea escucha el informe de la Instancia Diagonal ,el Directorio y otros informes eventuales. Aprueba las cuentas del ejercicio cerrado, delibera sobre todas las cuestiones del Orden del D\u00eda.&nbsp;<\/p>\n\n\n\n<p class=\"has-text-color has-link-color wp-elements-95d137f1877715dade018b8a3c524fad\" style=\"color:#000000\">Los miembros deber\u00e1n tener sus aranceles al d\u00eda para participar de la Asamblea Ordinaria.&nbsp;<\/p>\n\n\n\n<p class=\"has-text-color has-link-color wp-elements-6b6aa72bd0115a4b44966b153517b832\" style=\"color:#000000\">De ser necesario, el Directorio puede convocar a la Asamblea en sesi\u00f3n extraordinaria con al menos 15 (quince) d\u00edas de antelaci\u00f3n.&nbsp;<\/p>\n\n\n\n<p class=\"has-text-color has-link-color wp-elements-04d5e08774b2be6a28aac077a5793d63\" style=\"color:#000000\"><strong>Art\u00edculo 12<\/strong> \u2013 Modificaci\u00f3n del Reglamento Interno&nbsp;<\/p>\n\n\n\n<p class=\"has-text-color has-link-color wp-elements-2e8c7bd1ed5b3f4adf3d823d78f5e61c\" style=\"color:#000000\">Los miembros de la Asamblea se re\u00fanen en sesi\u00f3n extraordinaria cuando tienen que pronunciarse sobre cualquier modificaci\u00f3n del Reglamento Interno particulares de esta Secci\u00f3n, a propuesta de la Instancia Diagonal&nbsp; y previa aprobaci\u00f3n del Consejo Estatutario de la EOL. Tal sesi\u00f3n no puede deliberar m\u00e1s que si el qu\u00f3rum es de dos tercios de los miembros de la Asamblea que est\u00e1n presentes. Si no se alcanza el qu\u00f3rum en una primera convocatoria, la Asamblea se convoca de nuevo, al menos con un mes de intervalo, y en esta nueva reuni\u00f3n puede deliberar v\u00e1lidamente con al menos la mitad m\u00e1s uno de los miembros.&nbsp;<\/p>\n\n\n\n<p class=\"has-text-color has-link-color wp-elements-8552dd1473bb3bcb269f46f8d96a16e2\" style=\"color:#000000\">Los miembros de la Asamblea tienen la posibilidad de hacerse representar por otro miembro de la Asamblea provisto de un poder especial. Cada miembro puede representar a un solo miembro.&nbsp;<\/p>\n\n\n\n<p class=\"has-text-color has-link-color wp-elements-ad588b206b3d32652088b8b14eb877ba\" style=\"color:#000000\">Los miembros deber\u00e1n tener sus aranceles al d\u00eda para participar de la Asamblea Extraordinaria.&nbsp;<\/p>\n\n\n\n<p class=\"has-text-color has-link-color wp-elements-7c8675d6dc555f5b7a187d5a5d9443e0\" style=\"color:#000000\">Las decisiones de la Asamblea se tomar\u00e1n a mano alzada por mayor\u00eda de dos tercios de los votos expresados.-&nbsp;<\/p>\n\n\n\n<p><\/p>\n","protected":false},"excerpt":{"rendered":"<p>ESCUELA DE LA ORIENTACI\u00d3N LACANIANA. Secci\u00f3n Santa Fe&nbsp; REGLAMENTO INTERNO (2019)&nbsp; Pre\u00e1mbulo:&nbsp; El Consejo Estatutario (C.E.) de la Escuela de la Orientaci\u00f3n Lacaniana (EOL), seg\u00fan&hellip;<\/p>\n","protected":false},"author":1,"featured_media":0,"parent":0,"menu_order":0,"comment_status":"closed","ping_status":"closed","template":"","meta":{"footnotes":""},"class_list":["post-560","page","type-page","status-publish","hentry"],"_links":{"self":[{"href":"http:\/\/eolsantafe.com.ar\/eol\/wp-json\/wp\/v2\/pages\/560","targetHints":{"allow":["GET"]}}],"collection":[{"href":"http:\/\/eolsantafe.com.ar\/eol\/wp-json\/wp\/v2\/pages"}],"about":[{"href":"http:\/\/eolsantafe.com.ar\/eol\/wp-json\/wp\/v2\/types\/page"}],"author":[{"embeddable":true,"href":"http:\/\/eolsantafe.com.ar\/eol\/wp-json\/wp\/v2\/users\/1"}],"replies":[{"embeddable":true,"href":"http:\/\/eolsantafe.com.ar\/eol\/wp-json\/wp\/v2\/comments?post=560"}],"version-history":[{"count":3,"href":"http:\/\/eolsantafe.com.ar\/eol\/wp-json\/wp\/v2\/pages\/560\/revisions"}],"predecessor-version":[{"id":1588,"href":"http:\/\/eolsantafe.com.ar\/eol\/wp-json\/wp\/v2\/pages\/560\/revisions\/1588"}],"wp:attachment":[{"href":"http:\/\/eolsantafe.com.ar\/eol\/wp-json\/wp\/v2\/media?parent=560"}],"curies":[{"name":"wp","href":"https:\/\/api.w.org\/{rel}","templated":true}]}}